{"id":7115,"date":"2023-03-20T13:44:00","date_gmt":"2023-03-20T13:44:00","guid":{"rendered":"http:\/\/akmi.lt\/?page_id=7115"},"modified":"2023-10-11T06:02:24","modified_gmt":"2023-10-11T06:02:24","slug":"facade-of-the-presidency","status":"publish","type":"page","link":"http:\/\/akmi.lt\/en\/atlikti-darbai\/fasadai\/prezidenturos-fasadas\/","title":{"rendered":"Facade of the Presidential Palace"},"content":{"rendered":"<div class=\"vc_row wpb_row vc_row-fluid\" ><div class=\"wpb_column vc_column_container vc_col-sm-12\"><div class=\"vc_column-inner\"><div class=\"wpb_wrapper\"><div class=\"vc_row wpb_row vc_inner vc_row-fluid\" ><div class=\"image-box wpb_column vc_column_container vc_col-sm-7 vc_col-xs-12\"><div class=\"vc_column-inner\"><div class=\"wpb_wrapper\"><div class=\"edgtf-single-image-holder  edgtf-has-shadow\">\n    <div class=\"edgtf-si-inner\" >\n                                    <img decoding=\"async\" width=\"1000\" height=\"651\" data-src=\"http:\/\/akmi.lt\/wp-content\/uploads\/2023\/03\/Ventiliuojamas-fasadas-2-1.jpg\" class=\"attachment-full size-full lazyload\" alt=\"Stone facade\" data-srcset=\"http:\/\/akmi.lt\/wp-content\/uploads\/2023\/03\/Ventiliuojamas-fasadas-2-1.jpg 1000w, http:\/\/akmi.lt\/wp-content\/uploads\/2023\/03\/Ventiliuojamas-fasadas-2-1-300x195.jpg 300w, http:\/\/akmi.lt\/wp-content\/uploads\/2023\/03\/Ventiliuojamas-fasadas-2-1-768x500.jpg 768w, http:\/\/akmi.lt\/wp-content\/uploads\/2023\/03\/Ventiliuojamas-fasadas-2-1-600x391.jpg 600w\" data-sizes=\"(max-width: 1000px) 100vw, 1000px\" src=\"data:image\/gif;base64,R0lGODlhAQABAAAAACH5BAEKAAEALAAAAAABAAEAAAICTAEAOw==\" style=\"--smush-placeholder-width: 1000px; --smush-placeholder-aspect-ratio: 1000\/651;\" \/>                        <\/div>\n<\/div><div class=\"edgtf-single-image-holder  edgtf-has-shadow\">\n    <div class=\"edgtf-si-inner\" >\n                                    <img decoding=\"async\" width=\"1000\" height=\"666\" data-src=\"http:\/\/akmi.lt\/wp-content\/uploads\/2023\/03\/Ventiliuojamas-fasadas-3-1.jpg\" class=\"attachment-full size-full lazyload\" alt=\"Stone for facade\" data-srcset=\"http:\/\/akmi.lt\/wp-content\/uploads\/2023\/03\/Ventiliuojamas-fasadas-3-1.jpg 1000w, http:\/\/akmi.lt\/wp-content\/uploads\/2023\/03\/Ventiliuojamas-fasadas-3-1-300x200.jpg 300w, http:\/\/akmi.lt\/wp-content\/uploads\/2023\/03\/Ventiliuojamas-fasadas-3-1-768x511.jpg 768w, http:\/\/akmi.lt\/wp-content\/uploads\/2023\/03\/Ventiliuojamas-fasadas-3-1-600x400.jpg 600w\" data-sizes=\"(max-width: 1000px) 100vw, 1000px\" src=\"data:image\/gif;base64,R0lGODlhAQABAAAAACH5BAEKAAEALAAAAAABAAEAAAICTAEAOw==\" style=\"--smush-placeholder-width: 1000px; --smush-placeholder-aspect-ratio: 1000\/666;\" \/>                        <\/div>\n<\/div><div class=\"edgtf-single-image-holder  edgtf-has-shadow\">\n    <div class=\"edgtf-si-inner\" >\n                                    <img decoding=\"async\" width=\"1000\" height=\"667\" data-src=\"http:\/\/akmi.lt\/wp-content\/uploads\/2023\/03\/Ventiliuojamas-fasadas-4-1.jpg\" class=\"attachment-full size-full lazyload\" alt=\"Stone for facade\" data-srcset=\"http:\/\/akmi.lt\/wp-content\/uploads\/2023\/03\/Ventiliuojamas-fasadas-4-1.jpg 1000w, http:\/\/akmi.lt\/wp-content\/uploads\/2023\/03\/Ventiliuojamas-fasadas-4-1-300x200.jpg 300w, http:\/\/akmi.lt\/wp-content\/uploads\/2023\/03\/Ventiliuojamas-fasadas-4-1-768x512.jpg 768w, http:\/\/akmi.lt\/wp-content\/uploads\/2023\/03\/Ventiliuojamas-fasadas-4-1-600x400.jpg 600w\" data-sizes=\"(max-width: 1000px) 100vw, 1000px\" src=\"data:image\/gif;base64,R0lGODlhAQABAAAAACH5BAEKAAEALAAAAAABAAEAAAICTAEAOw==\" style=\"--smush-placeholder-width: 1000px; --smush-placeholder-aspect-ratio: 1000\/667;\" \/>                        <\/div>\n<\/div><div class=\"edgtf-single-image-holder  edgtf-has-shadow\">\n    <div class=\"edgtf-si-inner\" >\n                                    <img decoding=\"async\" width=\"633\" height=\"423\" data-src=\"http:\/\/akmi.lt\/wp-content\/uploads\/2023\/03\/Ventiliuojamas-fasadas-5-1.jpg\" class=\"attachment-full size-full lazyload\" alt=\"Stone for facade\" data-srcset=\"http:\/\/akmi.lt\/wp-content\/uploads\/2023\/03\/Ventiliuojamas-fasadas-5-1.jpg 633w, http:\/\/akmi.lt\/wp-content\/uploads\/2023\/03\/Ventiliuojamas-fasadas-5-1-300x200.jpg 300w, http:\/\/akmi.lt\/wp-content\/uploads\/2023\/03\/Ventiliuojamas-fasadas-5-1-600x401.jpg 600w\" data-sizes=\"(max-width: 633px) 100vw, 633px\" src=\"data:image\/gif;base64,R0lGODlhAQABAAAAACH5BAEKAAEALAAAAAABAAEAAAICTAEAOw==\" style=\"--smush-placeholder-width: 633px; --smush-placeholder-aspect-ratio: 633\/423;\" \/>                        <\/div>\n<\/div><div class=\"edgtf-single-image-holder  edgtf-has-shadow\">\n    <div class=\"edgtf-si-inner\" >\n                                    <img decoding=\"async\" width=\"749\" height=\"1000\" data-src=\"http:\/\/akmi.lt\/wp-content\/uploads\/2023\/03\/Ventiliuojamas-fasadas-6-1.jpg\" class=\"attachment-full size-full lazyload\" alt=\"Stone for facade\" data-srcset=\"http:\/\/akmi.lt\/wp-content\/uploads\/2023\/03\/Ventiliuojamas-fasadas-6-1.jpg 749w, http:\/\/akmi.lt\/wp-content\/uploads\/2023\/03\/Ventiliuojamas-fasadas-6-1-225x300.jpg 225w, http:\/\/akmi.lt\/wp-content\/uploads\/2023\/03\/Ventiliuojamas-fasadas-6-1-600x801.jpg 600w\" data-sizes=\"(max-width: 749px) 100vw, 749px\" src=\"data:image\/gif;base64,R0lGODlhAQABAAAAACH5BAEKAAEALAAAAAABAAEAAAICTAEAOw==\" style=\"--smush-placeholder-width: 749px; --smush-placeholder-aspect-ratio: 749\/1000;\" \/>                        <\/div>\n<\/div><div class=\"edgtf-single-image-holder  edgtf-has-shadow\">\n    <div class=\"edgtf-si-inner\" >\n                                    <img decoding=\"async\" width=\"749\" height=\"1000\" data-src=\"http:\/\/akmi.lt\/wp-content\/uploads\/2023\/03\/Ventiliuojamas-fasadas-7-1.jpg\" class=\"attachment-full size-full lazyload\" alt=\"Stone for facade\" data-srcset=\"http:\/\/akmi.lt\/wp-content\/uploads\/2023\/03\/Ventiliuojamas-fasadas-7-1.jpg 749w, http:\/\/akmi.lt\/wp-content\/uploads\/2023\/03\/Ventiliuojamas-fasadas-7-1-225x300.jpg 225w, http:\/\/akmi.lt\/wp-content\/uploads\/2023\/03\/Ventiliuojamas-fasadas-7-1-600x801.jpg 600w\" data-sizes=\"(max-width: 749px) 100vw, 749px\" src=\"data:image\/gif;base64,R0lGODlhAQABAAAAACH5BAEKAAEALAAAAAABAAEAAAICTAEAOw==\" style=\"--smush-placeholder-width: 749px; --smush-placeholder-aspect-ratio: 749\/1000;\" \/>                        <\/div>\n<\/div><\/div><\/div><\/div><div class=\"text-box wpb_column vc_column_container vc_col-sm-5 vc_col-xs-12\"><div class=\"vc_column-inner\"><div class=\"wpb_wrapper\"><div class=\"edgtf-section-title-holder title-box-margin edgtf-st-standard  edgtf-st-position-left edgtf-appear-fx\" >\n\t\t<div class=\"edgtf-st-inner\">\n                    <div class=\"edgtf-st-title-holder\">\n                <h3 class=\"edgtf-st-title\" >\n                    DESCRIPTION                <\/h3>\n            <\/div>\n\t\t\t\t            <div class=\"edgtf-st-text-holder\">\n    \t\t\t<p class=\"edgtf-st-text\" >\n    \t\t\t\tThe list of exterior works completed by the company includes several ventilated facade projects. Clients from most European countries have already experienced the quality of AKMI's work and professionalism, where our company has completed not only orders for state facilities but also ventilated facade projects for private homes.<br \/>\nAKMI specialists are familiar with the requirements for both natural and artificial stone intended for outdoor installation in countries with various climates. Stone selection, supply, ventilated facade construction design, stone decoration design, modeling, production, packaging, delivery, installation and maintenance - all ventilated facade installation services in one hand,    \t\t\t<\/p>\n            <\/div>\n\t\t\t<\/div>\n    <\/div><div class=\"edgtf-section-title-holder inline-title edgtf-st-standard  edgtf-st-position-left edgtf-appear-fx\" >\n\t\t<div class=\"edgtf-st-inner\">\n                    <div class=\"edgtf-st-title-holder\">\n                <h3 class=\"edgtf-st-title\" >\n                    PROJECT NAME:                <\/h3>\n            <\/div>\n\t\t\t\t            <div class=\"edgtf-st-text-holder\">\n    \t\t\t<p class=\"edgtf-st-text\" >\n    \t\t\t\tFacade of the Presidential Palace    \t\t\t<\/p>\n            <\/div>\n\t\t\t<\/div>\n    <\/div><div class=\"vc_empty_space\"   style=\"height: 30px\"><span class=\"vc_empty_space_inner\"><\/span><\/div><div class=\"vc_separator wpb_content_element vc_separator_align_center vc_sep_width_100 vc_sep_pos_align_center vc_separator_no_text vc_sep_color_grey\" ><span class=\"vc_sep_holder vc_sep_holder_l\"><span  class=\"vc_sep_line\"><\/span><\/span><span class=\"vc_sep_holder vc_sep_holder_r\"><span  class=\"vc_sep_line\"><\/span><\/span>\n<\/div><div class=\"edgtf-link-section-holder edgtf-appear-fx\">\n    <div class=\"edgtf-link-section-title-holder\">\n        <h2 class=\"edgtf-link-section-title\" >\n    \t\tSTONE:        <\/h2>\n    <\/div>\n            <div class=\"edgtf-single-link-section-holder\">\n                            <a href=\"\/en\/stone\/limestone\/\" class=\"edgtf-link-section\" >\n                    <div class=\"edgtf-single-link-title-holder\">\n                        <h5 class=\"edgtf-single-link-title\" >\n                            limestone                        <\/h5>\n                    <\/div>\n                <\/a>\n                    <\/div>\n    <\/div><div class=\"vc_separator wpb_content_element vc_separator_align_center vc_sep_width_100 vc_sep_pos_align_center vc_separator_no_text vc_sep_color_grey\" ><span class=\"vc_sep_holder vc_sep_holder_l\"><span  class=\"vc_sep_line\"><\/span><\/span><span class=\"vc_sep_holder vc_sep_holder_r\"><span  class=\"vc_sep_line\"><\/span><\/span>\n<\/div><div class=\"edgtf-link-section-holder edgtf-appear-fx\">\n    <div class=\"edgtf-link-section-title-holder\">\n        <h2 class=\"edgtf-link-section-title\" >\n    \t\tSERVICE:        <\/h2>\n    <\/div>\n            <div class=\"edgtf-single-link-section-holder\">\n                            <a href=\"\/en\/stone-processing\/stone-raw-material-supply\/\" class=\"edgtf-link-section\" >\n                    <div class=\"edgtf-single-link-title-holder\">\n                        <h5 class=\"edgtf-single-link-title\" >\n                            supply                        <\/h5>\n                    <\/div>\n                <\/a>\n                    <\/div>\n            <div class=\"edgtf-single-link-section-holder\">\n                            <a href=\"\/en\/services\/stone-processing\/\" class=\"edgtf-link-section\" >\n                    <div class=\"edgtf-single-link-title-holder\">\n                        <h5 class=\"edgtf-single-link-title\" >\n                            production                        <\/h5>\n                    <\/div>\n                <\/a>\n                    <\/div>\n            <div class=\"edgtf-single-link-section-holder\">\n                            <a href=\"\/en\/stone-installation\/\" class=\"edgtf-link-section\" >\n                    <div class=\"edgtf-single-link-title-holder\">\n                        <h5 class=\"edgtf-single-link-title\" >\n                            installation                        <\/h5>\n                    <\/div>\n                <\/a>\n                    <\/div>\n    <\/div><div class=\"vc_separator wpb_content_element vc_separator_align_center vc_sep_width_100 vc_sep_pos_align_center vc_separator_no_text vc_sep_color_grey\" ><span class=\"vc_sep_holder vc_sep_holder_l\"><span  class=\"vc_sep_line\"><\/span><\/span><span class=\"vc_sep_holder vc_sep_holder_r\"><span  class=\"vc_sep_line\"><\/span><\/span>\n<\/div><div class=\"edgtf-link-section-holder edgtf-appear-fx\">\n    <div class=\"edgtf-link-section-title-holder\">\n        <h2 class=\"edgtf-link-section-title\" >\n    \t\tPRODUCTS:        <\/h2>\n    <\/div>\n            <div class=\"edgtf-single-link-section-holder\">\n                            <a href=\"\/en\/products\/facades\/\" class=\"edgtf-link-section\" >\n                    <div class=\"edgtf-single-link-title-holder\">\n                        <h5 class=\"edgtf-single-link-title\" >\n                            Facades                        <\/h5>\n                    <\/div>\n                <\/a>\n                    <\/div>\n            <div class=\"edgtf-single-link-section-holder\">\n                            <a href=\"\/en\/products\/balustrades\/\" class=\"edgtf-link-section\" >\n                    <div class=\"edgtf-single-link-title-holder\">\n                        <h5 class=\"edgtf-single-link-title\" >\n                            balusters                        <\/h5>\n                    <\/div>\n                <\/a>\n                    <\/div>\n            <div class=\"edgtf-single-link-section-holder\">\n                            <a href=\"\/en\/products\/capitals\/\" class=\"edgtf-link-section\" >\n                    <div class=\"edgtf-single-link-title-holder\">\n                        <h5 class=\"edgtf-single-link-title\" >\n                            capitals                        <\/h5>\n                    <\/div>\n                <\/a>\n                    <\/div>\n            <div class=\"edgtf-single-link-section-holder\">\n                            <a href=\"\/en\/products\/columns\/\" class=\"edgtf-link-section\" >\n                    <div class=\"edgtf-single-link-title-holder\">\n                        <h5 class=\"edgtf-single-link-title\" >\n                            columns                        <\/h5>\n                    <\/div>\n                <\/a>\n                    <\/div>\n    <\/div><\/div><\/div><\/div><\/div><\/div><\/div><\/div><\/div>","protected":false},"excerpt":{"rendered":"APRA\u0160AS \u012emon\u0117s \u012fvykdyt\u0173 eksterjero darb\u0173 s\u0105ra\u0161e ne vienas ventiliuojam\u0173 fasad\u0173 projektas. AKMI vykdom\u0173 darb\u0173 kokybe, bei profesionalumu jau sp\u0117jo \u012fsitikinti daugumos Europos valstybi\u0173 U\u017esakovai, kuriose m\u016bs\u0173 \u012fmon\u0117 \u012fvykd\u0117 ne tik valstybini\u0173 objekt\u0173 u\u017esakymus, bet ir individuali\u0173 nam\u0173 ventiliuojam\u0173 fasad\u0173 projektus. [...]","protected":false},"author":2,"featured_media":7126,"parent":5952,"menu_order":0,"comment_status":"closed","ping_status":"closed","template":"","meta":{"footnotes":""},"class_list":["post-7115","page","type-page","status-publish","has-post-thumbnail","hentry"],"yoast_head":"<!-- This site is optimized with the Yoast SEO plugin v24.0 - https:\/\/yoast.com\/wordpress\/plugins\/seo\/ -->\n<title>Prezident\u016bros fasadas - Akmi<\/title>\n<meta name=\"description\" content=\"\u012emon\u0117s \u012fvykdyt\u0173 eksterjero darb\u0173 s\u0105ra\u0161e ne vienas ventiliuojam\u0173 fasad\u0173 projektas. AKMI vykdom\u0173 darb\u0173 kokybe, bei profesionalumu jau sp\u0117jo \u012fsitikinti daugumos Europos valstybi\u0173 U\u017esakovai, kuriose m\u016bs\u0173 \u012fmon\u0117 \u012fvykd\u0117 ne tik valstybini\u0173 objekt\u0173 u\u017esakymus, bet ir individuali\u0173 nam\u0173 ventiliuojam\u0173 fasad\u0173 projektus. AKMI specialistai i\u0161mano reikalavimus keliamus tiek nat\u016braliam, tiek dirbtiniam akmeniui skirtam montuoti lauke \u012fvairaus klimato \u0161alyse. Akmens parinkimas, tiekimas, ventiliuojamo fasado konstrukcijos projektavimas, akmens apdailos projektavimas, modeliavimas, gamyba, taravimas, pristatymas, montavimas bei prie\u017ei\u016bra- visos ventiliuojamo fasado \u012frengimo paslaugos vienose rankose,\" \/>\n<meta name=\"robots\" content=\"index, follow, max-snippet:-1, max-image-preview:large, max-video-preview:-1\" \/>\n<link rel=\"canonical\" href=\"http:\/\/akmi.lt\/en\/works-carried-out\/facades\/facade-of-the-presidency\/\" \/>\n<meta property=\"og:locale\" content=\"en_US\" \/>\n<meta property=\"og:type\" content=\"article\" \/>\n<meta property=\"og:title\" content=\"Prezident\u016bros fasadas - Akmi\" \/>\n<meta property=\"og:description\" content=\"\u012emon\u0117s \u012fvykdyt\u0173 eksterjero darb\u0173 s\u0105ra\u0161e ne vienas ventiliuojam\u0173 fasad\u0173 projektas. AKMI vykdom\u0173 darb\u0173 kokybe, bei profesionalumu jau sp\u0117jo \u012fsitikinti daugumos Europos valstybi\u0173 U\u017esakovai, kuriose m\u016bs\u0173 \u012fmon\u0117 \u012fvykd\u0117 ne tik valstybini\u0173 objekt\u0173 u\u017esakymus, bet ir individuali\u0173 nam\u0173 ventiliuojam\u0173 fasad\u0173 projektus. AKMI specialistai i\u0161mano reikalavimus keliamus tiek nat\u016braliam, tiek dirbtiniam akmeniui skirtam montuoti lauke \u012fvairaus klimato \u0161alyse. Akmens parinkimas, tiekimas, ventiliuojamo fasado konstrukcijos projektavimas, akmens apdailos projektavimas, modeliavimas, gamyba, taravimas, pristatymas, montavimas bei prie\u017ei\u016bra- visos ventiliuojamo fasado \u012frengimo paslaugos vienose rankose,\" \/>\n<meta property=\"og:url\" content=\"http:\/\/akmi.lt\/en\/works-carried-out\/facades\/facade-of-the-presidency\/\" \/>\n<meta property=\"og:site_name\" content=\"Akmi\" \/>\n<meta property=\"article:modified_time\" content=\"2023-10-11T06:02:24+00:00\" \/>\n<meta property=\"og:image\" content=\"http:\/\/akmi.lt\/wp-content\/uploads\/2023\/03\/Ventiliuojamas-fasadas-2-1.jpg\" \/>\n\t<meta property=\"og:image:width\" content=\"1000\" \/>\n\t<meta property=\"og:image:height\" content=\"651\" \/>\n\t<meta property=\"og:image:type\" content=\"image\/jpeg\" \/>\n<meta name=\"twitter:card\" content=\"summary_large_image\" \/>\n<meta name=\"twitter:label1\" content=\"Est. reading time\" \/>\n\t<meta name=\"twitter:data1\" content=\"1 minute\" \/>\n<script type=\"application\/ld+json\" class=\"yoast-schema-graph\">{\"@context\":\"https:\/\/schema.org\",\"@graph\":[{\"@type\":\"WebPage\",\"@id\":\"http:\/\/akmi.lt\/en\/works-carried-out\/facades\/facade-of-the-presidency\/\",\"url\":\"http:\/\/akmi.lt\/en\/works-carried-out\/facades\/facade-of-the-presidency\/\",\"name\":\"Prezident\u016bros fasadas - Akmi\",\"isPartOf\":{\"@id\":\"http:\/\/akmi.lt\/en\/#website\"},\"primaryImageOfPage\":{\"@id\":\"http:\/\/akmi.lt\/en\/works-carried-out\/facades\/facade-of-the-presidency\/#primaryimage\"},\"image\":{\"@id\":\"http:\/\/akmi.lt\/en\/works-carried-out\/facades\/facade-of-the-presidency\/#primaryimage\"},\"thumbnailUrl\":\"http:\/\/akmi.lt\/wp-content\/uploads\/2023\/03\/Ventiliuojamas-fasadas-2-1.jpg\",\"datePublished\":\"2023-03-20T13:44:00+00:00\",\"dateModified\":\"2023-10-11T06:02:24+00:00\",\"description\":\"\u012emon\u0117s \u012fvykdyt\u0173 eksterjero darb\u0173 s\u0105ra\u0161e ne vienas ventiliuojam\u0173 fasad\u0173 projektas. AKMI vykdom\u0173 darb\u0173 kokybe, bei profesionalumu jau sp\u0117jo \u012fsitikinti daugumos Europos valstybi\u0173 U\u017esakovai, kuriose m\u016bs\u0173 \u012fmon\u0117 \u012fvykd\u0117 ne tik valstybini\u0173 objekt\u0173 u\u017esakymus, bet ir individuali\u0173 nam\u0173 ventiliuojam\u0173 fasad\u0173 projektus. AKMI specialistai i\u0161mano reikalavimus keliamus tiek nat\u016braliam, tiek dirbtiniam akmeniui skirtam montuoti lauke \u012fvairaus klimato \u0161alyse. Akmens parinkimas, tiekimas, ventiliuojamo fasado konstrukcijos projektavimas, akmens apdailos projektavimas, modeliavimas, gamyba, taravimas, pristatymas, montavimas bei prie\u017ei\u016bra- visos ventiliuojamo fasado \u012frengimo paslaugos vienose rankose,\",\"breadcrumb\":{\"@id\":\"http:\/\/akmi.lt\/en\/works-carried-out\/facades\/facade-of-the-presidency\/#breadcrumb\"},\"inLanguage\":\"en-US\",\"potentialAction\":[{\"@type\":\"ReadAction\",\"target\":[\"http:\/\/akmi.lt\/en\/works-carried-out\/facades\/facade-of-the-presidency\/\"]}]},{\"@type\":\"ImageObject\",\"inLanguage\":\"en-US\",\"@id\":\"http:\/\/akmi.lt\/en\/works-carried-out\/facades\/facade-of-the-presidency\/#primaryimage\",\"url\":\"http:\/\/akmi.lt\/wp-content\/uploads\/2023\/03\/Ventiliuojamas-fasadas-2-1.jpg\",\"contentUrl\":\"http:\/\/akmi.lt\/wp-content\/uploads\/2023\/03\/Ventiliuojamas-fasadas-2-1.jpg\",\"width\":1000,\"height\":651,\"caption\":\"Fasadas i\u0161 akmens\"},{\"@type\":\"BreadcrumbList\",\"@id\":\"http:\/\/akmi.lt\/en\/works-carried-out\/facades\/facade-of-the-presidency\/#breadcrumb\",\"itemListElement\":[{\"@type\":\"ListItem\",\"position\":1,\"name\":\"Pagrindinis\",\"item\":\"http:\/\/akmi.lt\/en\/\"},{\"@type\":\"ListItem\",\"position\":2,\"name\":\"Projektai\",\"item\":\"http:\/\/akmi.lt\/en\/works-carried-out\/\"},{\"@type\":\"ListItem\",\"position\":3,\"name\":\"Fasadai\",\"item\":\"http:\/\/akmi.lt\/en\/works-carried-out\/facades\/\"},{\"@type\":\"ListItem\",\"position\":4,\"name\":\"Prezident\u016bros fasadas\"}]},{\"@type\":\"WebSite\",\"@id\":\"http:\/\/akmi.lt\/en\/#website\",\"url\":\"http:\/\/akmi.lt\/en\/\",\"name\":\"Akmi\",\"description\":\"\",\"potentialAction\":[{\"@type\":\"SearchAction\",\"target\":{\"@type\":\"EntryPoint\",\"urlTemplate\":\"http:\/\/akmi.lt\/en\/?s={search_term_string}\"},\"query-input\":{\"@type\":\"PropertyValueSpecification\",\"valueRequired\":true,\"valueName\":\"search_term_string\"}}],\"inLanguage\":\"en-US\"}]}<\/script>\n<!-- \/ Yoast SEO plugin. -->","yoast_head_json":{"title":"Presidential Palace facade - Akmi","description":"The company&#039;s list of exterior works includes more than one ventilated facade project. Customers from most European countries have already managed to verify the quality and professionalism of the works carried out by AKMI, where our company has fulfilled not only orders for state objects, but also ventilated facade projects for individual houses. AKMI specialists are familiar with the requirements for both natural and artificial stone intended for outdoor installation in countries with various climates. Stone selection, supply, design of ventilated facade construction, design, modeling, production, packaging, delivery, installation and maintenance - all ventilated facade installation services in one hand,","robots":{"index":"index","follow":"follow","max-snippet":"max-snippet:-1","max-image-preview":"max-image-preview:large","max-video-preview":"max-video-preview:-1"},"canonical":"http:\/\/akmi.lt\/en\/works-carried-out\/facades\/facade-of-the-presidency\/","og_locale":"en_US","og_type":"article","og_title":"Prezident\u016bros fasadas - Akmi","og_description":"\u012emon\u0117s \u012fvykdyt\u0173 eksterjero darb\u0173 s\u0105ra\u0161e ne vienas ventiliuojam\u0173 fasad\u0173 projektas. AKMI vykdom\u0173 darb\u0173 kokybe, bei profesionalumu jau sp\u0117jo \u012fsitikinti daugumos Europos valstybi\u0173 U\u017esakovai, kuriose m\u016bs\u0173 \u012fmon\u0117 \u012fvykd\u0117 ne tik valstybini\u0173 objekt\u0173 u\u017esakymus, bet ir individuali\u0173 nam\u0173 ventiliuojam\u0173 fasad\u0173 projektus. AKMI specialistai i\u0161mano reikalavimus keliamus tiek nat\u016braliam, tiek dirbtiniam akmeniui skirtam montuoti lauke \u012fvairaus klimato \u0161alyse. Akmens parinkimas, tiekimas, ventiliuojamo fasado konstrukcijos projektavimas, akmens apdailos projektavimas, modeliavimas, gamyba, taravimas, pristatymas, montavimas bei prie\u017ei\u016bra- visos ventiliuojamo fasado \u012frengimo paslaugos vienose rankose,","og_url":"http:\/\/akmi.lt\/en\/works-carried-out\/facades\/facade-of-the-presidency\/","og_site_name":"Akmi","article_modified_time":"2023-10-11T06:02:24+00:00","og_image":[{"width":1000,"height":651,"url":"http:\/\/akmi.lt\/wp-content\/uploads\/2023\/03\/Ventiliuojamas-fasadas-2-1.jpg","type":"image\/jpeg"}],"twitter_card":"summary_large_image","twitter_misc":{"Est. reading time":"1 minute"},"schema":{"@context":"https:\/\/schema.org","@graph":[{"@type":"WebPage","@id":"http:\/\/akmi.lt\/en\/works-carried-out\/facades\/facade-of-the-presidency\/","url":"http:\/\/akmi.lt\/en\/works-carried-out\/facades\/facade-of-the-presidency\/","name":"Presidential Palace facade - Akmi","isPartOf":{"@id":"http:\/\/akmi.lt\/en\/#website"},"primaryImageOfPage":{"@id":"http:\/\/akmi.lt\/en\/works-carried-out\/facades\/facade-of-the-presidency\/#primaryimage"},"image":{"@id":"http:\/\/akmi.lt\/en\/works-carried-out\/facades\/facade-of-the-presidency\/#primaryimage"},"thumbnailUrl":"http:\/\/akmi.lt\/wp-content\/uploads\/2023\/03\/Ventiliuojamas-fasadas-2-1.jpg","datePublished":"2023-03-20T13:44:00+00:00","dateModified":"2023-10-11T06:02:24+00:00","description":"The company&#039;s list of exterior works includes more than one ventilated facade project. Customers from most European countries have already managed to verify the quality and professionalism of the works carried out by AKMI, where our company has fulfilled not only orders for state objects, but also ventilated facade projects for individual houses. AKMI specialists are familiar with the requirements for both natural and artificial stone intended for outdoor installation in countries with various climates. Stone selection, supply, design of ventilated facade construction, design, modeling, production, packaging, delivery, installation and maintenance - all ventilated facade installation services in one hand,","breadcrumb":{"@id":"http:\/\/akmi.lt\/en\/works-carried-out\/facades\/facade-of-the-presidency\/#breadcrumb"},"inLanguage":"en-US","potentialAction":[{"@type":"ReadAction","target":["http:\/\/akmi.lt\/en\/works-carried-out\/facades\/facade-of-the-presidency\/"]}]},{"@type":"ImageObject","inLanguage":"en-US","@id":"http:\/\/akmi.lt\/en\/works-carried-out\/facades\/facade-of-the-presidency\/#primaryimage","url":"http:\/\/akmi.lt\/wp-content\/uploads\/2023\/03\/Ventiliuojamas-fasadas-2-1.jpg","contentUrl":"http:\/\/akmi.lt\/wp-content\/uploads\/2023\/03\/Ventiliuojamas-fasadas-2-1.jpg","width":1000,"height":651,"caption":"Fasadas i\u0161 akmens"},{"@type":"BreadcrumbList","@id":"http:\/\/akmi.lt\/en\/works-carried-out\/facades\/facade-of-the-presidency\/#breadcrumb","itemListElement":[{"@type":"ListItem","position":1,"name":"Pagrindinis","item":"http:\/\/akmi.lt\/en\/"},{"@type":"ListItem","position":2,"name":"Projektai","item":"http:\/\/akmi.lt\/en\/works-carried-out\/"},{"@type":"ListItem","position":3,"name":"Fasadai","item":"http:\/\/akmi.lt\/en\/works-carried-out\/facades\/"},{"@type":"ListItem","position":4,"name":"Prezident\u016bros fasadas"}]},{"@type":"WebSite","@id":"http:\/\/akmi.lt\/en\/#website","url":"http:\/\/akmi.lt\/en\/","name":"Stone","description":"","potentialAction":[{"@type":"SearchAction","target":{"@type":"EntryPoint","urlTemplate":"http:\/\/akmi.lt\/en\/?s={search_term_string}"},"query-input":{"@type":"PropertyValueSpecification","valueRequired":true,"valueName":"search_term_string"}}],"inLanguage":"en-US"}]}},"_links":{"self":[{"href":"http:\/\/akmi.lt\/en\/wp-json\/wp\/v2\/pages\/7115","targetHints":{"allow":["GET"]}}],"collection":[{"href":"http:\/\/akmi.lt\/en\/wp-json\/wp\/v2\/pages"}],"about":[{"href":"http:\/\/akmi.lt\/en\/wp-json\/wp\/v2\/types\/page"}],"author":[{"embeddable":true,"href":"http:\/\/akmi.lt\/en\/wp-json\/wp\/v2\/users\/2"}],"replies":[{"embeddable":true,"href":"http:\/\/akmi.lt\/en\/wp-json\/wp\/v2\/comments?post=7115"}],"version-history":[{"count":9,"href":"http:\/\/akmi.lt\/en\/wp-json\/wp\/v2\/pages\/7115\/revisions"}],"predecessor-version":[{"id":12862,"href":"http:\/\/akmi.lt\/en\/wp-json\/wp\/v2\/pages\/7115\/revisions\/12862"}],"up":[{"embeddable":true,"href":"http:\/\/akmi.lt\/en\/wp-json\/wp\/v2\/pages\/5952"}],"wp:featuredmedia":[{"embeddable":true,"href":"http:\/\/akmi.lt\/en\/wp-json\/wp\/v2\/media\/7126"}],"wp:attachment":[{"href":"http:\/\/akmi.lt\/en\/wp-json\/wp\/v2\/media?parent=7115"}],"curies":[{"name":"wp","href":"https:\/\/api.w.org\/{rel}","templated":true}]}}