{"id":5952,"date":"2023-01-09T13:05:00","date_gmt":"2023-01-09T13:05:00","guid":{"rendered":"http:\/\/akmi.lt\/?page_id=5952"},"modified":"2023-11-18T12:50:01","modified_gmt":"2023-11-18T12:50:01","slug":"facades","status":"publish","type":"page","link":"http:\/\/akmi.lt\/en\/atlikti-darbai\/fasadai\/","title":{"rendered":"Facades"},"content":{"rendered":"<div class=\"vc_row wpb_row vc_row-fluid\" ><div class=\"wpb_column vc_column_container vc_col-sm-12\"><div class=\"vc_column-inner\"><div class=\"wpb_wrapper\"><div class=\"vc_row wpb_row vc_inner vc_row-fluid\" ><div class=\"wpb_column vc_column_container vc_col-sm-12\"><div class=\"vc_column-inner\"><div class=\"wpb_wrapper\">\n<div class=\"vc_grid-container-wrapper vc_clearfix vc_grid-animation-none\">\n\t<div class=\"vc_grid-container vc_clearfix wpb_content_element vc_basic_grid page-post-grid\" data-initial-loading-animation=\"none\" data-vc-grid-settings=\"{&quot;page_id&quot;:5952,&quot;style&quot;:&quot;all&quot;,&quot;action&quot;:&quot;vc_get_vc_grid_data&quot;,&quot;shortcode_id&quot;:&quot;1679575592500-ea255048-de49-1&quot;,&quot;tag&quot;:&quot;vc_basic_grid&quot;}\" data-vc-request=\"http:\/\/akmi.lt\/wp-admin\/admin-ajax.php\" data-vc-post-id=\"5952\" data-vc-public-nonce=\"523d6d635a\">\n\t\t<style data-type=\"vc_shortcodes-custom-css\">.vc_custom_1419240516480{background-color: #f9f9f9 !important;}<\/style><div class=\"vc_grid vc_row vc_grid-gutter-30px vc_pageable-wrapper vc_hook_hover\" data-vc-pageable-content=\"true\"><div class=\"vc_pageable-slide-wrapper vc_clearfix\" data-vc-grid-content=\"true\"><div class=\"vc_grid-item vc_clearfix vc_col-sm-3 vc_grid-item-zone-c-bottom\"><div class=\"vc_grid-item-mini vc_clearfix \"><div class=\"vc_gitem-animated-block\" ><div class=\"vc_gitem-zone vc_gitem-zone-a vc-gitem-zone-height-mode-auto vc-gitem-zone-height-mode-auto-1-1 vc_gitem-is-link lazyload\" style=\"background-image:inherit;\" data-bg-image=\"url(&#039;http:\/\/akmi.lt\/wp-content\/uploads\/2023\/03\/Privatus-ventiliuojamas-fasadas-5.jpg&#039;) !important\"><a href=\"http:\/\/akmi.lt\/en\/atlikti-darbai\/fasadai\/privatus-fasadas-2\/\" title=\"Privatus fasadas\" class=\"vc_gitem-link vc-zone-link\" ><\/a><img decoding=\"async\" data-src=\"http:\/\/akmi.lt\/wp-content\/uploads\/2023\/03\/Privatus-ventiliuojamas-fasadas-5.jpg\" class=\"vc_gitem-zone-img lazyload\" alt=\"Ventiliuojamas fasadas is smiltainio\" src=\"data:image\/gif;base64,R0lGODlhAQABAAAAACH5BAEKAAEALAAAAAABAAEAAAICTAEAOw==\" style=\"--smush-placeholder-width: 1000px; --smush-placeholder-aspect-ratio: 1000\/664;\"><div class=\"vc_gitem-zone-mini\"><\/div><\/div><\/div><div class=\"vc_gitem-zone vc_gitem-zone-c vc_custom_1419240516480\"><div class=\"vc_gitem-zone-mini\"><div class=\"vc_gitem_row vc_row vc_gitem-row-position-top\"><div class=\"vc_col-sm-12 vc_gitem-col vc_gitem-col-align-\"><div class=\"vc_custom_heading vc_gitem-post-data vc_gitem-post-data-source-post_title\" ><h4 style=\"text-align: left\" >Privatus fasadas<\/h4><\/div><div class=\"vc_custom_heading vc_gitem-post-data vc_gitem-post-data-source-post_excerpt\" ><p style=\"text-align: left\" >APRA\u0160AS \u012emon\u0117s \u012fvykdyt\u0173 eksterjero darb\u0173 s\u0105ra\u0161e ne vienas ventiliuojam\u0173 fasad\u0173 projektas. AKMI vykdom\u0173 darb\u0173 kokybe, bei profesionalumu jau sp\u0117jo \u012fsitikinti daugumos Europos valstybi\u0173 U\u017esakovai, kuriose m\u016bs\u0173 \u012fmon\u0117 \u012fvykd\u0117 ne tik valstybini\u0173 objekt\u0173 u\u017esakymus, bet ir individuali\u0173 nam\u0173 ventiliuojam\u0173 fasad\u0173 projektus. [...]<\/p><\/div><div class=\"vc_btn3-container vc_btn3-left\"><a class=\"vc_general vc_btn3 vc_btn3-size-md vc_btn3-shape-rounded vc_btn3-style-flat vc_btn3-color-juicy-pink\" a href=\"http:\/\/akmi.lt\/en\/atlikti-darbai\/fasadai\/privatus-fasadas-2\/\" class=\"vc_gitem-link vc_general vc_btn3 vc_general vc_btn3 vc_btn3-size-md vc_btn3-shape-rounded vc_btn3-style-flat vc_btn3-color-juicy-pink\" title=\"Read more\">Read more<\/a><\/div><\/div><\/div><\/div><\/div><\/div><div class=\"vc_clearfix\"><\/div><\/div><div class=\"vc_grid-item vc_clearfix vc_col-sm-3 vc_grid-item-zone-c-bottom\"><div class=\"vc_grid-item-mini vc_clearfix \"><div class=\"vc_gitem-animated-block\" ><div class=\"vc_gitem-zone vc_gitem-zone-a vc-gitem-zone-height-mode-auto vc-gitem-zone-height-mode-auto-1-1 vc_gitem-is-link lazyload\" style=\"background-image:inherit;\" data-bg-image=\"url(&#039;http:\/\/akmi.lt\/wp-content\/uploads\/2023\/03\/Privatus-ventiliuojamas-fasadas-4.jpg&#039;) !important\"><a href=\"http:\/\/akmi.lt\/en\/atlikti-darbai\/fasadai\/privatus-fasadas\/\" title=\"Privatus fasadas\" class=\"vc_gitem-link vc-zone-link\" ><\/a><img decoding=\"async\" data-src=\"http:\/\/akmi.lt\/wp-content\/uploads\/2023\/03\/Privatus-ventiliuojamas-fasadas-4.jpg\" class=\"vc_gitem-zone-img lazyload\" alt=\"Ventiliuojamas fasadas is kalkakmenio\" src=\"data:image\/gif;base64,R0lGODlhAQABAAAAACH5BAEKAAEALAAAAAABAAEAAAICTAEAOw==\" style=\"--smush-placeholder-width: 1000px; --smush-placeholder-aspect-ratio: 1000\/669;\"><div class=\"vc_gitem-zone-mini\"><\/div><\/div><\/div><div class=\"vc_gitem-zone vc_gitem-zone-c vc_custom_1419240516480\"><div class=\"vc_gitem-zone-mini\"><div class=\"vc_gitem_row vc_row vc_gitem-row-position-top\"><div class=\"vc_col-sm-12 vc_gitem-col vc_gitem-col-align-\"><div class=\"vc_custom_heading vc_gitem-post-data vc_gitem-post-data-source-post_title\" ><h4 style=\"text-align: left\" >Privatus fasadas<\/h4><\/div><div class=\"vc_custom_heading vc_gitem-post-data vc_gitem-post-data-source-post_excerpt\" ><p style=\"text-align: left\" >APRA\u0160AS \u012emon\u0117s \u012fvykdyt\u0173 eksterjero darb\u0173 s\u0105ra\u0161e ne vienas ventiliuojam\u0173 fasad\u0173 projektas. AKMI vykdom\u0173 darb\u0173 kokybe, bei profesionalumu jau sp\u0117jo \u012fsitikinti daugumos Europos valstybi\u0173 U\u017esakovai, kuriose m\u016bs\u0173 \u012fmon\u0117 \u012fvykd\u0117 ne tik valstybini\u0173 objekt\u0173 u\u017esakymus, bet ir individuali\u0173 nam\u0173 ventiliuojam\u0173 fasad\u0173 projektus. [...]<\/p><\/div><div class=\"vc_btn3-container vc_btn3-left\"><a class=\"vc_general vc_btn3 vc_btn3-size-md vc_btn3-shape-rounded vc_btn3-style-flat vc_btn3-color-juicy-pink\" a href=\"http:\/\/akmi.lt\/en\/atlikti-darbai\/fasadai\/privatus-fasadas\/\" class=\"vc_gitem-link vc_general vc_btn3 vc_general vc_btn3 vc_btn3-size-md vc_btn3-shape-rounded vc_btn3-style-flat vc_btn3-color-juicy-pink\" title=\"Read more\">Read more<\/a><\/div><\/div><\/div><\/div><\/div><\/div><div class=\"vc_clearfix\"><\/div><\/div><div class=\"vc_grid-item vc_clearfix vc_col-sm-3 vc_grid-item-zone-c-bottom\"><div class=\"vc_grid-item-mini vc_clearfix \"><div class=\"vc_gitem-animated-block\" ><div class=\"vc_gitem-zone vc_gitem-zone-a vc-gitem-zone-height-mode-auto vc-gitem-zone-height-mode-auto-1-1 vc_gitem-is-link lazyload\" style=\"background-image:inherit;\" data-bg-image=\"url(&#039;http:\/\/akmi.lt\/wp-content\/uploads\/2023\/03\/Privatus-ventiliuojamas-fasadas-2.jpg&#039;) !important\"><a href=\"http:\/\/akmi.lt\/en\/atlikti-darbai\/fasadai\/privatus-fasadas-1\/\" title=\"Privatus fasadas\" class=\"vc_gitem-link vc-zone-link\" ><\/a><img decoding=\"async\" data-src=\"http:\/\/akmi.lt\/wp-content\/uploads\/2023\/03\/Privatus-ventiliuojamas-fasadas-2.jpg\" class=\"vc_gitem-zone-img lazyload\" alt=\"Ventiliuojamas fasadas\" src=\"data:image\/gif;base64,R0lGODlhAQABAAAAACH5BAEKAAEALAAAAAABAAEAAAICTAEAOw==\" style=\"--smush-placeholder-width: 1000px; --smush-placeholder-aspect-ratio: 1000\/699;\"><div class=\"vc_gitem-zone-mini\"><\/div><\/div><\/div><div class=\"vc_gitem-zone vc_gitem-zone-c vc_custom_1419240516480\"><div class=\"vc_gitem-zone-mini\"><div class=\"vc_gitem_row vc_row vc_gitem-row-position-top\"><div class=\"vc_col-sm-12 vc_gitem-col vc_gitem-col-align-\"><div class=\"vc_custom_heading vc_gitem-post-data vc_gitem-post-data-source-post_title\" ><h4 style=\"text-align: left\" >Privatus fasadas<\/h4><\/div><div class=\"vc_custom_heading vc_gitem-post-data vc_gitem-post-data-source-post_excerpt\" ><p style=\"text-align: left\" >APRA\u0160AS \u012emon\u0117s \u012fvykdyt\u0173 eksterjero darb\u0173 s\u0105ra\u0161e ne vienas ventiliuojam\u0173 fasad\u0173 projektas. AKMI vykdom\u0173 darb\u0173 kokybe, bei profesionalumu jau sp\u0117jo \u012fsitikinti daugumos Europos valstybi\u0173 U\u017esakovai, kuriose m\u016bs\u0173 \u012fmon\u0117 \u012fvykd\u0117 ne tik valstybini\u0173 objekt\u0173 u\u017esakymus, bet ir individuali\u0173 nam\u0173 ventiliuojam\u0173 fasad\u0173 projektus. [...]<\/p><\/div><div class=\"vc_btn3-container vc_btn3-left\"><a class=\"vc_general vc_btn3 vc_btn3-size-md vc_btn3-shape-rounded vc_btn3-style-flat vc_btn3-color-juicy-pink\" a href=\"http:\/\/akmi.lt\/en\/atlikti-darbai\/fasadai\/privatus-fasadas-1\/\" class=\"vc_gitem-link vc_general vc_btn3 vc_general vc_btn3 vc_btn3-size-md vc_btn3-shape-rounded vc_btn3-style-flat vc_btn3-color-juicy-pink\" title=\"Read more\">Read more<\/a><\/div><\/div><\/div><\/div><\/div><\/div><div class=\"vc_clearfix\"><\/div><\/div><div class=\"vc_grid-item vc_clearfix vc_col-sm-3 vc_grid-item-zone-c-bottom\"><div class=\"vc_grid-item-mini vc_clearfix \"><div class=\"vc_gitem-animated-block\" ><div class=\"vc_gitem-zone vc_gitem-zone-a vc-gitem-zone-height-mode-auto vc-gitem-zone-height-mode-auto-1-1 vc_gitem-is-link lazyload\" style=\"background-image:inherit;\" data-bg-image=\"url(&#039;http:\/\/akmi.lt\/wp-content\/uploads\/2023\/03\/Ventiliuojamas-fasadas-2-1.jpg&#039;) !important\"><a href=\"http:\/\/akmi.lt\/en\/atlikti-darbai\/fasadai\/prezidenturos-fasadas\/\" title=\"Prezident\u016bros fasadas\" class=\"vc_gitem-link vc-zone-link\" ><\/a><img decoding=\"async\" data-src=\"http:\/\/akmi.lt\/wp-content\/uploads\/2023\/03\/Ventiliuojamas-fasadas-2-1.jpg\" class=\"vc_gitem-zone-img lazyload\" alt=\"Fasadas i\u0161 akmens\" src=\"data:image\/gif;base64,R0lGODlhAQABAAAAACH5BAEKAAEALAAAAAABAAEAAAICTAEAOw==\" style=\"--smush-placeholder-width: 1000px; --smush-placeholder-aspect-ratio: 1000\/651;\"><div class=\"vc_gitem-zone-mini\"><\/div><\/div><\/div><div class=\"vc_gitem-zone vc_gitem-zone-c vc_custom_1419240516480\"><div class=\"vc_gitem-zone-mini\"><div class=\"vc_gitem_row vc_row vc_gitem-row-position-top\"><div class=\"vc_col-sm-12 vc_gitem-col vc_gitem-col-align-\"><div class=\"vc_custom_heading vc_gitem-post-data vc_gitem-post-data-source-post_title\" ><h4 style=\"text-align: left\" >Prezident\u016bros fasadas<\/h4><\/div><div class=\"vc_custom_heading vc_gitem-post-data vc_gitem-post-data-source-post_excerpt\" ><p style=\"text-align: left\" >APRA\u0160AS \u012emon\u0117s \u012fvykdyt\u0173 eksterjero darb\u0173 s\u0105ra\u0161e ne vienas ventiliuojam\u0173 fasad\u0173 projektas. AKMI vykdom\u0173 darb\u0173 kokybe, bei profesionalumu jau sp\u0117jo \u012fsitikinti daugumos Europos valstybi\u0173 U\u017esakovai, kuriose m\u016bs\u0173 \u012fmon\u0117 \u012fvykd\u0117 ne tik valstybini\u0173 objekt\u0173 u\u017esakymus, bet ir individuali\u0173 nam\u0173 ventiliuojam\u0173 fasad\u0173 projektus. [...]<\/p><\/div><div class=\"vc_btn3-container vc_btn3-left\"><a class=\"vc_general vc_btn3 vc_btn3-size-md vc_btn3-shape-rounded vc_btn3-style-flat vc_btn3-color-juicy-pink\" a href=\"http:\/\/akmi.lt\/en\/atlikti-darbai\/fasadai\/prezidenturos-fasadas\/\" class=\"vc_gitem-link vc_general vc_btn3 vc_general vc_btn3 vc_btn3-size-md vc_btn3-shape-rounded vc_btn3-style-flat vc_btn3-color-juicy-pink\" title=\"Read more\">Read more<\/a><\/div><\/div><\/div><\/div><\/div><\/div><div class=\"vc_clearfix\"><\/div><\/div><div class=\"vc_grid-item vc_clearfix vc_col-sm-3 vc_grid-item-zone-c-bottom\"><div class=\"vc_grid-item-mini vc_clearfix \"><div class=\"vc_gitem-animated-block\" ><div class=\"vc_gitem-zone vc_gitem-zone-a vc-gitem-zone-height-mode-auto vc-gitem-zone-height-mode-auto-1-1 vc_gitem-is-link lazyload\" style=\"background-image:inherit;\" data-bg-image=\"url(&#039;http:\/\/akmi.lt\/wp-content\/uploads\/2023\/03\/Eksterjero-elementai-is-akmens-3.jpg&#039;) !important\"><a href=\"http:\/\/akmi.lt\/en\/atlikti-darbai\/fasadai\/valdovu-rumai\/\" title=\"Valdov\u0173 r\u016bmai\" class=\"vc_gitem-link vc-zone-link\" ><\/a><img decoding=\"async\" data-src=\"http:\/\/akmi.lt\/wp-content\/uploads\/2023\/03\/Eksterjero-elementai-is-akmens-3.jpg\" class=\"vc_gitem-zone-img lazyload\" alt=\"Valdov\u0173 r\u016bmai\" src=\"data:image\/gif;base64,R0lGODlhAQABAAAAACH5BAEKAAEALAAAAAABAAEAAAICTAEAOw==\" style=\"--smush-placeholder-width: 1000px; --smush-placeholder-aspect-ratio: 1000\/667;\"><div class=\"vc_gitem-zone-mini\"><\/div><\/div><\/div><div class=\"vc_gitem-zone vc_gitem-zone-c vc_custom_1419240516480\"><div class=\"vc_gitem-zone-mini\"><div class=\"vc_gitem_row vc_row vc_gitem-row-position-top\"><div class=\"vc_col-sm-12 vc_gitem-col vc_gitem-col-align-\"><div class=\"vc_custom_heading vc_gitem-post-data vc_gitem-post-data-source-post_title\" ><h4 style=\"text-align: left\" >Valdov\u0173 r\u016bmai<\/h4><\/div><div class=\"vc_custom_heading vc_gitem-post-data vc_gitem-post-data-source-post_excerpt\" ><p style=\"text-align: left\" >APRA\u0160AS Vienas did\u017eiausi\u0173 AKMI \u012fgyvendint\u0173 u\u017esakym\u0173 Lietuvoje - Valdov\u0173 r\u016bm\u0173 apdaila. Darbus atlikome tiek eksterjere, tiek interjere. AKMI gamykloje gaminti visi eksterjero dekoro elementai: pagrindinis dur\u0173 portalas su kartu\u0161o apdaila, dur\u0173 portalai, apvadai, angokra\u0161\u010diai, lang\u0173 apvadai, lauko palang\u0117s, karnizai, baliustrados. [...]<\/p><\/div><div class=\"vc_btn3-container vc_btn3-left\"><a class=\"vc_general vc_btn3 vc_btn3-size-md vc_btn3-shape-rounded vc_btn3-style-flat vc_btn3-color-juicy-pink\" a href=\"http:\/\/akmi.lt\/en\/atlikti-darbai\/fasadai\/valdovu-rumai\/\" class=\"vc_gitem-link vc_general vc_btn3 vc_general vc_btn3 vc_btn3-size-md vc_btn3-shape-rounded vc_btn3-style-flat vc_btn3-color-juicy-pink\" title=\"Read more\">Read more<\/a><\/div><\/div><\/div><\/div><\/div><\/div><div class=\"vc_clearfix\"><\/div><\/div><div class=\"vc_grid-item vc_clearfix vc_col-sm-3 vc_grid-item-zone-c-bottom\"><div class=\"vc_grid-item-mini vc_clearfix \"><div class=\"vc_gitem-animated-block\" ><div class=\"vc_gitem-zone vc_gitem-zone-a vc-gitem-zone-height-mode-auto vc-gitem-zone-height-mode-auto-1-1 vc_gitem-is-link lazyload\" style=\"background-image:inherit;\" data-bg-image=\"url(&#039;http:\/\/akmi.lt\/wp-content\/uploads\/2023\/03\/Fasado-apdaila-is-granito-1-2.jpg&#039;) !important\"><a href=\"http:\/\/akmi.lt\/en\/atlikti-darbai\/fasadai\/viesbucio-fasadas-uk\/\" title=\"Vie\u0161bu\u010dio fasadas\" class=\"vc_gitem-link vc-zone-link\" ><\/a><img decoding=\"async\" data-src=\"http:\/\/akmi.lt\/wp-content\/uploads\/2023\/03\/Fasado-apdaila-is-granito-1-2.jpg\" class=\"vc_gitem-zone-img lazyload\" alt=\"Ventiliuojamas fasadas\" src=\"data:image\/gif;base64,R0lGODlhAQABAAAAACH5BAEKAAEALAAAAAABAAEAAAICTAEAOw==\" style=\"--smush-placeholder-width: 1000px; --smush-placeholder-aspect-ratio: 1000\/449;\"><div class=\"vc_gitem-zone-mini\"><\/div><\/div><\/div><div class=\"vc_gitem-zone vc_gitem-zone-c vc_custom_1419240516480\"><div class=\"vc_gitem-zone-mini\"><div class=\"vc_gitem_row vc_row vc_gitem-row-position-top\"><div class=\"vc_col-sm-12 vc_gitem-col vc_gitem-col-align-\"><div class=\"vc_custom_heading vc_gitem-post-data vc_gitem-post-data-source-post_title\" ><h4 style=\"text-align: left\" >Vie\u0161bu\u010dio fasadas<\/h4><\/div><div class=\"vc_custom_heading vc_gitem-post-data vc_gitem-post-data-source-post_excerpt\" ><p style=\"text-align: left\" >APRA\u0160AS \u012emon\u0117s \u012fvykdyt\u0173 eksterjero darb\u0173 s\u0105ra\u0161e ne vienas ventiliuojam\u0173 fasad\u0173 projektas. AKMI vykdom\u0173 darb\u0173 kokybe, bei profesionalumu jau sp\u0117jo \u012fsitikinti daugumos Europos valstybi\u0173 U\u017esakovai, kuriose m\u016bs\u0173 \u012fmon\u0117 \u012fvykd\u0117 ne tik valstybini\u0173 objekt\u0173 u\u017esakymus, bet ir individuali\u0173 nam\u0173 ventiliuojam\u0173 fasad\u0173 projektus. [...]<\/p><\/div><div class=\"vc_btn3-container vc_btn3-left\"><a class=\"vc_general vc_btn3 vc_btn3-size-md vc_btn3-shape-rounded vc_btn3-style-flat vc_btn3-color-juicy-pink\" a href=\"http:\/\/akmi.lt\/en\/atlikti-darbai\/fasadai\/viesbucio-fasadas-uk\/\" class=\"vc_gitem-link vc_general vc_btn3 vc_general vc_btn3 vc_btn3-size-md vc_btn3-shape-rounded vc_btn3-style-flat vc_btn3-color-juicy-pink\" title=\"Read more\">Read more<\/a><\/div><\/div><\/div><\/div><\/div><\/div><div class=\"vc_clearfix\"><\/div><\/div><div class=\"vc_grid-item vc_clearfix vc_col-sm-3 vc_grid-item-zone-c-bottom\"><div class=\"vc_grid-item-mini vc_clearfix \"><div class=\"vc_gitem-animated-block\" ><div class=\"vc_gitem-zone vc_gitem-zone-a vc-gitem-zone-height-mode-auto vc-gitem-zone-height-mode-auto-1-1 vc_gitem-is-link lazyload\" style=\"background-image:inherit;\" data-bg-image=\"url(&#039;http:\/\/akmi.lt\/wp-content\/uploads\/2023\/03\/Ventiliuojamas-fasadas-viesbutis-7.jpg&#039;) !important\"><a href=\"http:\/\/akmi.lt\/en\/atlikti-darbai\/fasadai\/viesbucio-fasadas\/\" title=\"Vie\u0161bu\u010dio fasadas\" class=\"vc_gitem-link vc-zone-link\" ><\/a><img decoding=\"async\" data-src=\"http:\/\/akmi.lt\/wp-content\/uploads\/2023\/03\/Ventiliuojamas-fasadas-viesbutis-7.jpg\" class=\"vc_gitem-zone-img lazyload\" alt=\"Fasadas i\u0161 kalkakmenio\" src=\"data:image\/gif;base64,R0lGODlhAQABAAAAACH5BAEKAAEALAAAAAABAAEAAAICTAEAOw==\" style=\"--smush-placeholder-width: 1000px; --smush-placeholder-aspect-ratio: 1000\/726;\"><div class=\"vc_gitem-zone-mini\"><\/div><\/div><\/div><div class=\"vc_gitem-zone vc_gitem-zone-c vc_custom_1419240516480\"><div class=\"vc_gitem-zone-mini\"><div class=\"vc_gitem_row vc_row vc_gitem-row-position-top\"><div class=\"vc_col-sm-12 vc_gitem-col vc_gitem-col-align-\"><div class=\"vc_custom_heading vc_gitem-post-data vc_gitem-post-data-source-post_title\" ><h4 style=\"text-align: left\" >Vie\u0161bu\u010dio fasadas<\/h4><\/div><div class=\"vc_custom_heading vc_gitem-post-data vc_gitem-post-data-source-post_excerpt\" ><p style=\"text-align: left\" >APRA\u0160AS \u012emon\u0117s \u012fvykdyt\u0173 eksterjero darb\u0173 s\u0105ra\u0161e ne vienas ventiliuojam\u0173 fasad\u0173 projektas. AKMI vykdom\u0173 darb\u0173 kokybe, bei profesionalumu jau sp\u0117jo \u012fsitikinti daugumos Europos valstybi\u0173 U\u017esakovai, kuriose m\u016bs\u0173 \u012fmon\u0117 \u012fvykd\u0117 ne tik valstybini\u0173 objekt\u0173 u\u017esakymus, bet ir individuali\u0173 nam\u0173 ventiliuojam\u0173 fasad\u0173 projektus. [...]<\/p><\/div><div class=\"vc_btn3-container vc_btn3-left\"><a class=\"vc_general vc_btn3 vc_btn3-size-md vc_btn3-shape-rounded vc_btn3-style-flat vc_btn3-color-juicy-pink\" a href=\"http:\/\/akmi.lt\/en\/atlikti-darbai\/fasadai\/viesbucio-fasadas\/\" class=\"vc_gitem-link vc_general vc_btn3 vc_general vc_btn3 vc_btn3-size-md vc_btn3-shape-rounded vc_btn3-style-flat vc_btn3-color-juicy-pink\" title=\"Read more\">Read more<\/a><\/div><\/div><\/div><\/div><\/div><\/div><div class=\"vc_clearfix\"><\/div><\/div><\/div><\/div>\n\t<\/div>\n<\/div><\/div><\/div><\/div><\/div><\/div><\/div><\/div><\/div>\n","protected":false},"excerpt":{"rendered":"Privatus fasadasAPRA\u0160AS \u012emon\u0117s \u012fvykdyt\u0173 eksterjero darb\u0173 s\u0105ra\u0161e ne vienas ventiliuojam\u0173 fasad\u0173 projektas. AKMI vykdom\u0173 darb\u0173 kokybe, bei profesionalumu jau sp\u0117jo \u012fsitikinti daugumos Europos valstybi\u0173 U\u017esakovai, kuriose m\u016bs\u0173 \u012fmon\u0117 \u012fvykd\u0117 ne tik valstybini\u0173 objekt\u0173 u\u017esakymus, bet ir individuali\u0173 nam\u0173 ventiliuojam\u0173 fasad\u0173 [...]","protected":false},"author":1,"featured_media":9300,"parent":5944,"menu_order":0,"comment_status":"closed","ping_status":"closed","template":"","meta":{"footnotes":""},"class_list":["post-5952","page","type-page","status-publish","has-post-thumbnail","hentry"],"yoast_head":"<!-- This site is optimized with the Yoast SEO plugin v24.0 - https:\/\/yoast.com\/wordpress\/plugins\/seo\/ -->\n<title>Fasadai | AKMI<\/title>\n<meta name=\"description\" content=\"ILGALAIK\u0116 INVESTICIJA IR NAT\u016aRALI\u0172 MED\u017dIAG\u0172 HARMONIJA. \u012emon\u0117s \u012fvykdyt\u0173 eksterjero darb\u0173 s\u0105ra\u0161e ne vienas ventiliuojam\u0173 fasad\u0173 projektas. AKMI darb\u0173 kokybe bei profesionalumu jau sp\u0117jo \u012fsitikinti daugumos Europos valstybi\u0173 U\u017esakovai, kuriose \u012fvykd\u0117me tiek valstybini\u0173 objekt\u0173, tiek individuali\u0173 nam\u0173 ventiliuojam\u0173 fasad\u0173 projektus.\" \/>\n<meta name=\"robots\" content=\"index, follow, max-snippet:-1, max-image-preview:large, max-video-preview:-1\" \/>\n<link rel=\"canonical\" href=\"http:\/\/akmi.lt\/en\/works-carried-out\/facades\/\" \/>\n<meta property=\"og:locale\" content=\"en_US\" \/>\n<meta property=\"og:type\" content=\"article\" \/>\n<meta property=\"og:title\" content=\"Fasadai | AKMI\" \/>\n<meta property=\"og:description\" content=\"ILGALAIK\u0116 INVESTICIJA IR NAT\u016aRALI\u0172 MED\u017dIAG\u0172 HARMONIJA. \u012emon\u0117s \u012fvykdyt\u0173 eksterjero darb\u0173 s\u0105ra\u0161e ne vienas ventiliuojam\u0173 fasad\u0173 projektas. AKMI darb\u0173 kokybe bei profesionalumu jau sp\u0117jo \u012fsitikinti daugumos Europos valstybi\u0173 U\u017esakovai, kuriose \u012fvykd\u0117me tiek valstybini\u0173 objekt\u0173, tiek individuali\u0173 nam\u0173 ventiliuojam\u0173 fasad\u0173 projektus.\" \/>\n<meta property=\"og:url\" content=\"http:\/\/akmi.lt\/en\/works-carried-out\/facades\/\" \/>\n<meta property=\"og:site_name\" content=\"Akmi\" \/>\n<meta property=\"article:modified_time\" content=\"2023-11-18T12:50:01+00:00\" \/>\n<meta property=\"og:image\" content=\"http:\/\/akmi.lt\/wp-content\/uploads\/2017\/11\/Ventiliuojamas-fasadas-viesbutis-1-1.jpg\" \/>\n\t<meta property=\"og:image:width\" content=\"1000\" \/>\n\t<meta property=\"og:image:height\" content=\"750\" \/>\n\t<meta property=\"og:image:type\" content=\"image\/jpeg\" \/>\n<meta name=\"twitter:card\" content=\"summary_large_image\" \/>\n<meta name=\"twitter:label1\" content=\"Est. reading time\" \/>\n\t<meta name=\"twitter:data1\" content=\"1 minute\" \/>\n<script type=\"application\/ld+json\" class=\"yoast-schema-graph\">{\"@context\":\"https:\/\/schema.org\",\"@graph\":[{\"@type\":\"WebPage\",\"@id\":\"http:\/\/akmi.lt\/en\/works-carried-out\/facades\/\",\"url\":\"http:\/\/akmi.lt\/en\/works-carried-out\/facades\/\",\"name\":\"Fasadai | AKMI\",\"isPartOf\":{\"@id\":\"http:\/\/akmi.lt\/en\/#website\"},\"primaryImageOfPage\":{\"@id\":\"http:\/\/akmi.lt\/en\/works-carried-out\/facades\/#primaryimage\"},\"image\":{\"@id\":\"http:\/\/akmi.lt\/en\/works-carried-out\/facades\/#primaryimage\"},\"thumbnailUrl\":\"http:\/\/akmi.lt\/wp-content\/uploads\/2017\/11\/Ventiliuojamas-fasadas-viesbutis-1-1.jpg\",\"datePublished\":\"2023-01-09T13:05:00+00:00\",\"dateModified\":\"2023-11-18T12:50:01+00:00\",\"description\":\"ILGALAIK\u0116 INVESTICIJA IR NAT\u016aRALI\u0172 MED\u017dIAG\u0172 HARMONIJA. \u012emon\u0117s \u012fvykdyt\u0173 eksterjero darb\u0173 s\u0105ra\u0161e ne vienas ventiliuojam\u0173 fasad\u0173 projektas. AKMI darb\u0173 kokybe bei profesionalumu jau sp\u0117jo \u012fsitikinti daugumos Europos valstybi\u0173 U\u017esakovai, kuriose \u012fvykd\u0117me tiek valstybini\u0173 objekt\u0173, tiek individuali\u0173 nam\u0173 ventiliuojam\u0173 fasad\u0173 projektus.\",\"breadcrumb\":{\"@id\":\"http:\/\/akmi.lt\/en\/works-carried-out\/facades\/#breadcrumb\"},\"inLanguage\":\"en-US\",\"potentialAction\":[{\"@type\":\"ReadAction\",\"target\":[\"http:\/\/akmi.lt\/en\/works-carried-out\/facades\/\"]}]},{\"@type\":\"ImageObject\",\"inLanguage\":\"en-US\",\"@id\":\"http:\/\/akmi.lt\/en\/works-carried-out\/facades\/#primaryimage\",\"url\":\"http:\/\/akmi.lt\/wp-content\/uploads\/2017\/11\/Ventiliuojamas-fasadas-viesbutis-1-1.jpg\",\"contentUrl\":\"http:\/\/akmi.lt\/wp-content\/uploads\/2017\/11\/Ventiliuojamas-fasadas-viesbutis-1-1.jpg\",\"width\":1000,\"height\":750},{\"@type\":\"BreadcrumbList\",\"@id\":\"http:\/\/akmi.lt\/en\/works-carried-out\/facades\/#breadcrumb\",\"itemListElement\":[{\"@type\":\"ListItem\",\"position\":1,\"name\":\"Pagrindinis\",\"item\":\"http:\/\/akmi.lt\/en\/\"},{\"@type\":\"ListItem\",\"position\":2,\"name\":\"Projektai\",\"item\":\"http:\/\/akmi.lt\/en\/works-carried-out\/\"},{\"@type\":\"ListItem\",\"position\":3,\"name\":\"Fasadai\"}]},{\"@type\":\"WebSite\",\"@id\":\"http:\/\/akmi.lt\/en\/#website\",\"url\":\"http:\/\/akmi.lt\/en\/\",\"name\":\"Akmi\",\"description\":\"\",\"potentialAction\":[{\"@type\":\"SearchAction\",\"target\":{\"@type\":\"EntryPoint\",\"urlTemplate\":\"http:\/\/akmi.lt\/en\/?s={search_term_string}\"},\"query-input\":{\"@type\":\"PropertyValueSpecification\",\"valueRequired\":true,\"valueName\":\"search_term_string\"}}],\"inLanguage\":\"en-US\"}]}<\/script>\n<!-- \/ Yoast SEO plugin. -->","yoast_head_json":{"title":"Facades | AKMI","description":"LONG-TERM INVESTMENT AND HARMONY OF NATURAL MATERIALS. The company&#039;s list of exterior works includes more than one ventilated facade project. Customers from most European countries have already been able to verify the quality and professionalism of AKMI&#039;s work, where we have implemented ventilated facade projects for both public facilities and individual houses.","robots":{"index":"index","follow":"follow","max-snippet":"max-snippet:-1","max-image-preview":"max-image-preview:large","max-video-preview":"max-video-preview:-1"},"canonical":"http:\/\/akmi.lt\/en\/works-carried-out\/facades\/","og_locale":"en_US","og_type":"article","og_title":"Fasadai | AKMI","og_description":"ILGALAIK\u0116 INVESTICIJA IR NAT\u016aRALI\u0172 MED\u017dIAG\u0172 HARMONIJA. \u012emon\u0117s \u012fvykdyt\u0173 eksterjero darb\u0173 s\u0105ra\u0161e ne vienas ventiliuojam\u0173 fasad\u0173 projektas. AKMI darb\u0173 kokybe bei profesionalumu jau sp\u0117jo \u012fsitikinti daugumos Europos valstybi\u0173 U\u017esakovai, kuriose \u012fvykd\u0117me tiek valstybini\u0173 objekt\u0173, tiek individuali\u0173 nam\u0173 ventiliuojam\u0173 fasad\u0173 projektus.","og_url":"http:\/\/akmi.lt\/en\/works-carried-out\/facades\/","og_site_name":"Akmi","article_modified_time":"2023-11-18T12:50:01+00:00","og_image":[{"width":1000,"height":750,"url":"http:\/\/akmi.lt\/wp-content\/uploads\/2017\/11\/Ventiliuojamas-fasadas-viesbutis-1-1.jpg","type":"image\/jpeg"}],"twitter_card":"summary_large_image","twitter_misc":{"Est. reading time":"1 minute"},"schema":{"@context":"https:\/\/schema.org","@graph":[{"@type":"WebPage","@id":"http:\/\/akmi.lt\/en\/works-carried-out\/facades\/","url":"http:\/\/akmi.lt\/en\/works-carried-out\/facades\/","name":"Facades | AKMI","isPartOf":{"@id":"http:\/\/akmi.lt\/en\/#website"},"primaryImageOfPage":{"@id":"http:\/\/akmi.lt\/en\/works-carried-out\/facades\/#primaryimage"},"image":{"@id":"http:\/\/akmi.lt\/en\/works-carried-out\/facades\/#primaryimage"},"thumbnailUrl":"http:\/\/akmi.lt\/wp-content\/uploads\/2017\/11\/Ventiliuojamas-fasadas-viesbutis-1-1.jpg","datePublished":"2023-01-09T13:05:00+00:00","dateModified":"2023-11-18T12:50:01+00:00","description":"LONG-TERM INVESTMENT AND HARMONY OF NATURAL MATERIALS. The company&#039;s list of exterior works includes more than one ventilated facade project. Customers from most European countries have already been able to verify the quality and professionalism of AKMI&#039;s work, where we have implemented ventilated facade projects for both public facilities and individual houses.","breadcrumb":{"@id":"http:\/\/akmi.lt\/en\/works-carried-out\/facades\/#breadcrumb"},"inLanguage":"en-US","potentialAction":[{"@type":"ReadAction","target":["http:\/\/akmi.lt\/en\/works-carried-out\/facades\/"]}]},{"@type":"ImageObject","inLanguage":"en-US","@id":"http:\/\/akmi.lt\/en\/works-carried-out\/facades\/#primaryimage","url":"http:\/\/akmi.lt\/wp-content\/uploads\/2017\/11\/Ventiliuojamas-fasadas-viesbutis-1-1.jpg","contentUrl":"http:\/\/akmi.lt\/wp-content\/uploads\/2017\/11\/Ventiliuojamas-fasadas-viesbutis-1-1.jpg","width":1000,"height":750},{"@type":"BreadcrumbList","@id":"http:\/\/akmi.lt\/en\/works-carried-out\/facades\/#breadcrumb","itemListElement":[{"@type":"ListItem","position":1,"name":"Pagrindinis","item":"http:\/\/akmi.lt\/en\/"},{"@type":"ListItem","position":2,"name":"Projektai","item":"http:\/\/akmi.lt\/en\/works-carried-out\/"},{"@type":"ListItem","position":3,"name":"Fasadai"}]},{"@type":"WebSite","@id":"http:\/\/akmi.lt\/en\/#website","url":"http:\/\/akmi.lt\/en\/","name":"Stone","description":"","potentialAction":[{"@type":"SearchAction","target":{"@type":"EntryPoint","urlTemplate":"http:\/\/akmi.lt\/en\/?s={search_term_string}"},"query-input":{"@type":"PropertyValueSpecification","valueRequired":true,"valueName":"search_term_string"}}],"inLanguage":"en-US"}]}},"_links":{"self":[{"href":"http:\/\/akmi.lt\/en\/wp-json\/wp\/v2\/pages\/5952","targetHints":{"allow":["GET"]}}],"collection":[{"href":"http:\/\/akmi.lt\/en\/wp-json\/wp\/v2\/pages"}],"about":[{"href":"http:\/\/akmi.lt\/en\/wp-json\/wp\/v2\/types\/page"}],"author":[{"embeddable":true,"href":"http:\/\/akmi.lt\/en\/wp-json\/wp\/v2\/users\/1"}],"replies":[{"embeddable":true,"href":"http:\/\/akmi.lt\/en\/wp-json\/wp\/v2\/comments?post=5952"}],"version-history":[{"count":3,"href":"http:\/\/akmi.lt\/en\/wp-json\/wp\/v2\/pages\/5952\/revisions"}],"predecessor-version":[{"id":7299,"href":"http:\/\/akmi.lt\/en\/wp-json\/wp\/v2\/pages\/5952\/revisions\/7299"}],"up":[{"embeddable":true,"href":"http:\/\/akmi.lt\/en\/wp-json\/wp\/v2\/pages\/5944"}],"wp:featuredmedia":[{"embeddable":true,"href":"http:\/\/akmi.lt\/en\/wp-json\/wp\/v2\/media\/9300"}],"wp:attachment":[{"href":"http:\/\/akmi.lt\/en\/wp-json\/wp\/v2\/media?parent=5952"}],"curies":[{"name":"wp","href":"https:\/\/api.w.org\/{rel}","templated":true}]}}